{"id":3,"date":"2018-09-20T14:56:16","date_gmt":"2018-09-20T14:56:16","guid":{"rendered":"http:\/\/maroteira.com\/pt\/?page_id=3"},"modified":"2023-01-30T16:44:52","modified_gmt":"2023-01-30T16:44:52","slug":"politica-privacidade","status":"publish","type":"page","link":"https:\/\/maroteira.com\/pt\/politica-privacidade\/","title":{"rendered":"Pol\u00edtica de privacidade"},"content":{"rendered":"<div class=\"wpb-content-wrapper\"><p>[vc_row css_animation=&#8221;&#8221; row_type=&#8221;row&#8221; use_row_as_full_screen_section=&#8221;no&#8221; type=&#8221;full_width&#8221; angled_section=&#8221;no&#8221; text_align=&#8221;left&#8221; background_image_as_pattern=&#8221;without_pattern&#8221;][vc_column][vc_column_text]<\/p>\n<h2>Pol\u00edtica de Privacidade e de Prote\u00e7\u00e3o de Dados Pessoais<\/h2>\n<p>[\/vc_column_text][vc_empty_space height=&#8221;10px&#8221;][vc_column_text]<\/p>\n<p style=\"text-align: justify;\">A pol\u00edtica de privacidade abaixo identifica a informa\u00e7\u00e3o recolhida, formas de recolha e tratamento da mesma.<br \/>\nAo utilizar este website dever ter conhecimento e aceitar esta pol\u00edtica de privacidade.<\/p>\n<p>[\/vc_column_text][vc_empty_space height=&#8221;5px&#8221;][vc_column_text]1. Propriet\u00e1rio e Controlador de Dados<\/p>\n<p>Maroteira Vinhos, Lda<br \/>\nZona Industrial de Redondo<br \/>\nRua Aldeias de Montoito, lote 77<br \/>\n7170-128 Redondo<br \/>\nE-mail: info@maroteira.com[\/vc_column_text][vc_empty_space height=&#8221;5px&#8221;][vc_column_text]2. Dados Recolhidos<br \/>\nEste website recolhe os seguintes dados atrav\u00e9s de formul\u00e1rios de registo ou contacto quando preenchidos e enviados pelo utilizador:<br \/>\n(a)nome, (b)n\u00famero de telefone, (c)e-mail<br \/>\nEste website utiliza cookies para recolha de informa\u00e7\u00e3o estat\u00edstica de forma an\u00f3nima e\/ou para melhorar a experi\u00eancia de utilizador na utiliza\u00e7\u00e3o deste website.[\/vc_column_text][vc_empty_space height=&#8221;5px&#8221;][vc_column_text]<\/p>\n<p style=\"text-align: justify;\">3. Finalidade dos Dados Recolhidos<br \/>\nOs dados recolhidos neste website destinam-se a:<br \/>\n\u2013 Contacto com o utilizador para responder aos pedidos enviados.<br \/>\n\u2013 Envio, ap\u00f3s solicita\u00e7\u00e3o do utilizador, de propostas de servi\u00e7os e\/ou outras informa\u00e7\u00f5es de servi\u00e7os e\/ou produtos pr\u00f3prios.<br \/>\n\u2013 Futuros contactos, nomeadamente envio de comunica\u00e7\u00e3o de servi\u00e7os e campanhas comerciais, sendo neste caso pedido consentimento adicional pelo utilizador para esta utiliza\u00e7\u00e3o.<br \/>\n\u2013 Cumprimento das obriga\u00e7\u00f5es legais.<br \/>\nOs dados s\u00e3o assim recolhidos para as finalidades acima indicadas pelo que todo o titular dever\u00e1 verificar a sua exatid\u00e3o e atualiza\u00e7\u00e3o por forma a que o respons\u00e1vel por este website possa adotar as medidas adequadas ao seu tratamento.<br \/>\nO preenchimento dos formul\u00e1rios presentes neste website \u00e9 acompanhado de pedido de consentimento expresso por parte do utilizador para o envio e tratamento dos dados conforme descrito acima. Esse consentimento dado no envio de qualquer informa\u00e7\u00e3o pessoal traduzir\u00e1 o consentimento pr\u00e9vio e expresso ao tratamento dos dados pessoais transmitidos pelo seu titular para uma ou mais finalidades acima descritas bem como fica o propriet\u00e1rio deste website autorizado a efetuar o tratamento dos dados pessoais recolhidos na medida e por tempo necess\u00e1rio \u00e0 prossecu\u00e7\u00e3o das suas finalidades.<br \/>\nEm cumprimento da legisla\u00e7\u00e3o legal em vigor e da sua pol\u00edtica, o propriet\u00e1rio deste website esclarece que n\u00e3o solicita, nem estimula, em local ou de forma alguma, a remiss\u00e3o e envio de dados pessoais referentes a convic\u00e7\u00f5es filos\u00f3ficas ou pol\u00edticas, filia\u00e7\u00e3o partid\u00e1ria ou sindical, f\u00e9 religiosa, vida privada, origem racial ou \u00e9tnica, bem como o tratamento de dados relativos \u00e0 vida sexual.<br \/>\nEm conformidade, o propriet\u00e1rio deste website reserva-se o direito de n\u00e3o aceitar recolher ou receber informa\u00e7\u00e3o que coloque em causa direitos fundamentais ou que se afigurem il\u00edcitos, ficando exclu\u00edda qualquer responsabilidade no respetivo tratamento.<br \/>\nTendo em conta a finalidade do tratamento da informa\u00e7\u00e3o recolhida, o propriet\u00e1rio deste website reserva-se o direito de cancelar ou anular qualquer pedido caso n\u00e3o sejam recolhidos todos os dados necess\u00e1rios \u00e0 gest\u00e3o do processo em causa, ficando exclu\u00edda qualquer responsabilidade.<\/p>\n<p>[\/vc_column_text][vc_empty_space height=&#8221;5px&#8221;][vc_column_text]<\/p>\n<p style=\"text-align: justify;\">4. Conserva\u00e7\u00e3o dos Dados Pessoais<br \/>\nO per\u00edodo de tempo durante o qual os dados pessoais s\u00e3o armazenados e conservados variar\u00e1 em conformidade com as finalidades escolhidas pelos interessados.<br \/>\nEm conformidade, informa-se que os dados pessoais recolhidos no \u00e2mbito de qualquer processo a ser tratado pelo propriet\u00e1rio deste website poder\u00e3o ser mantidos durante o per\u00edodo necess\u00e1rio ao cumprimento da finalidade, podendo ser mantidos em reserva para futuros processos ou ser conservados para a continua\u00e7\u00e3o de envio de promo\u00e7\u00f5es ou divulga\u00e7\u00f5es de a\u00e7\u00f5es, servi\u00e7os ou produtos, sem preju\u00edzo do direito do titular solicitar a elimina\u00e7\u00e3o dos seus dados (direito ao esquecimento), a qualquer momento, tal como indicado no ponto seguinte.<\/p>\n<p>[\/vc_column_text][vc_empty_space height=&#8221;5px&#8221;][vc_column_text]<\/p>\n<p style=\"text-align: justify;\">5. Direitos do titular dos Dados Pessoais<br \/>\nO per\u00edodo de tempo durante o qual os dados pessoais s\u00e3o armazenados e conservados variar\u00e1 em conformidade com as finalidades escolhidas pelos interessados.<br \/>\nO titular dos dados pessoais pode, em qualquer momento, solicitar:<br \/>\n\u2013 O Acesso\/pedido de toda a informa\u00e7\u00e3o detida pelo respons\u00e1vel deste website sobre si<br \/>\n\u2013 A elimina\u00e7\u00e3o de toda a informa\u00e7\u00e3o detida pelo respons\u00e1vel deste website sobre si sempre que seja aplic\u00e1vel um dos seguintes motivos: (i) os dados deixaram de ser necess\u00e1rios para a finalidade que motivou a sua recolha ou tratamento; (ii) o titular retira o consentimento, quando o consentimento \u00e9 a base legal; (iii) o titular op\u00f5e-se ao tratamento e n\u00e3o existem interesses leg\u00edtimos prevalecentes que justifiquem a sua manuten\u00e7\u00e3o ou (iv) os dados pessoais t\u00eam de ser apagados para o cumprimento de uma obriga\u00e7\u00e3o jur\u00eddica.<br \/>\n\u2013 A retifica\u00e7\u00e3o da informa\u00e7\u00e3o detida pelo respons\u00e1vel deste website sobre si<br \/>\n\u2013 Portabilidade, limita\u00e7\u00e3o E\/ou oposi\u00e7\u00e3o ao tratamento, o titular dever\u00e1 comunicar por escrito ao propriet\u00e1rio deste website o seu pedido, identificando-se pelo nome completo e elementos de identifica\u00e7\u00e3o suficientes para nos permitir a sua identifica\u00e7\u00e3o adequada e posterior tratamento do seu pedido.<br \/>\nTodos os pedidos devem ser realizados atrav\u00e9s dos endere\u00e7os e formas identificadas no ponto 1 desta pol\u00edtica de privacidade.<br \/>\nAdicionalmente, o titular poder\u00e1 sempre apresentar as reclama\u00e7\u00f5es que entender necess\u00e1rias junto da autoridade competente para o efeito.<\/p>\n<p>[\/vc_column_text][vc_empty_space height=&#8221;5px&#8221;][vc_column_text]<\/p>\n<p style=\"text-align: justify;\">6. Seguran\u00e7a no Tratamento de Dados Pessoais<br \/>\nOs dados recolhidos s\u00e3o processados e armazenados eletronicamente e em suporte fisico (papel) quando necess\u00e1rio.<br \/>\nO propriet\u00e1rio deste website implementou medidas t\u00e9cnicas e organizativas adequadas a proteger os dados pessoais contra a destrui\u00e7\u00e3o, acidental ou il\u00edcita, a perda acidental, a altera\u00e7\u00e3o, a difus\u00e3o ou o acesso n\u00e3o autorizado, e contra qualquer forma de tratamento il\u00edcito. S\u00f3 os colaboradores e subcontratantes autorizados pelo propriet\u00e1rio deste website t\u00eam acesso aos dados pessoais, estando vinculados ao dever de sigilo e confidencialidade.<br \/>\nCaso, por algum motivo, se verifique uma viola\u00e7\u00e3o da seguran\u00e7a que provoque, de modo acidental ou il\u00edcito, a destrui\u00e7\u00e3o, perda, altera\u00e7\u00e3o, divulga\u00e7\u00e3o ou o acesso, n\u00e3o autorizados aos dados pessoais, o propriet\u00e1rio deste website compromete-se, nos termos da legisla\u00e7\u00e3o aplic\u00e1vel, a comunicar junto das autoridades competentes, sem demora justificada e, sempre que poss\u00edvel, at\u00e9 72 horas ap\u00f3s ter tido conhecimento de tal ocorr\u00eancia.<br \/>\nNos termos referidos, o propriet\u00e1rio deste website compromete-se a comunicar a viola\u00e7\u00e3o dos dados pessoais ao respetivo titular dos seus dados, em conformidade com a legisla\u00e7\u00e3o aplic\u00e1vel.<br \/>\nSem preju\u00edzo do disposto nos par\u00e1grafos anteriores, o utilizador dever\u00e1 adotar medidas adicionais de seguran\u00e7a necess\u00e1rias e exig\u00edveis, nomeadamente tendo uma firewall ativa, antiv\u00edrus e anti-spyware atualizados, devendo fazer uma utiliza\u00e7\u00e3o prudente ao ter acesso a plataformas de entidades terceiras, verificando e confirmando a exist\u00eancia de certificado digital e da fidedignidade do endere\u00e7o, ficando exclu\u00edda qualquer responsabilidade do propriet\u00e1rio deste website por facto que n\u00e3o lhe seja imput\u00e1vel ou o n\u00e3o respeito de regras de cautela especificadas ou exig\u00edveis.<\/p>\n<p>[\/vc_column_text][vc_empty_space height=&#8221;5px&#8221;][vc_column_text]<\/p>\n<p style=\"text-align: justify;\">7. Comunica\u00e7\u00e3o dos Dados Pessoais a Entidades Terceiras<br \/>\nAs informa\u00e7\u00f5es e dados pessoais a que o propriet\u00e1rio deste website tem acesso n\u00e3o ser\u00e3o, em hip\u00f3tese alguma, vendidas ou cedidas a terceiros.<br \/>\nNo \u00e2mbito da sua atividade, o propriet\u00e1rio deste website poder\u00e1 recorrer a subcontratantes para a presta\u00e7\u00e3o de determinados servi\u00e7os, o que poder\u00e1 implicar, em algumas situa\u00e7\u00f5es, o acesso, por tais entidades, aos dados pessoais dos utilizadores ou cliente.<br \/>\nCaso isso ocorra, o titular consente essa partilha, ficando o propriet\u00e1rio deste website com o compromisso de praticar as medidas necess\u00e1rias e adequadas, por forma a assegurar que as entidades que tenham acesso a tais dados pessoais, sejam reputadas e ofere\u00e7am elevadas garantias a este n\u00edvel, o que ficar\u00e1 devidamente consagrado e acautelado em contrato escrito, celebrado entre o propriet\u00e1rio deste website e o(s) subcontratante(s).<br \/>\nTodo o subcontratante com quem o propriet\u00e1rio deste website partilhe dados, ficar\u00e1 incumbido de tratar os dados pessoais dos utilizadores, em seu nome e por sua conta no compromisso de adotar as medidas t\u00e9cnicas e organizacionais necess\u00e1rias por forma a proteger os dados pessoais contra a destrui\u00e7\u00e3o, acidental ou il\u00edcita, a perda acidental, a altera\u00e7\u00e3o, a difus\u00e3o ou o acesso n\u00e3o autorizado e contra qualquer outra forma de tratamento il\u00edcito, ficando a mesma como respons\u00e1vel pelo uso adequado e nos termos legais.<br \/>\nSem preju\u00edzo do disposto no par\u00e1grafo anterior, o propriet\u00e1rio deste website fica respons\u00e1vel pelo tratamento dos dados pessoais nos termos legais e dentro das respetivas limita\u00e7\u00f5es de uso.<\/p>\n<p>[\/vc_column_text][vc_empty_space height=&#8221;5px&#8221;][vc_column_text]<\/p>\n<p style=\"text-align: justify;\">8. Acesso a websites de Terceiros<br \/>\nA pol\u00edtica de privacidade n\u00e3o \u00e9 aplic\u00e1vel a websites ou meios de suporte de terceiros que o utilizador possa vir a ter acesso atrav\u00e9s deste website. Neste caso, sempre que visitar outro website a partir deste, dever\u00e1 sempre ler a pol\u00edtica de privacidade aplic\u00e1vel e verificar se concorda com os seus termos antes de facultar os seus dados pessoais.<br \/>\nO propriet\u00e1rio deste website n\u00e3o se responsabiliza pela pol\u00edtica de privacidade ou tratamento de dados pessoais que seja aplic\u00e1vel em websites de entidades terceiras, nem pelos conte\u00fados disponibilizados nos mesmos websites.<\/p>\n<p>[\/vc_column_text][vc_empty_space height=&#8221;5px&#8221;][vc_column_text]<\/p>\n<p style=\"text-align: justify;\">9. Cookies<br \/>\nEste website pode utilizar cookies e\/ou web beacons quando um utilizador tem acesso \u00e0s p\u00e1ginas. Os cookies que podem ser utilizados associam-se (se for o caso) unicamente com o navegador de um determinado computador, tablet ou telem\u00f3vel.<br \/>\nOs cookies que s\u00e3o utilizados neste website podem ser instalados pelo mesmo, os quais s\u00e3o originados dos distintos servidores operados por este, ou a partir dos servidores de terceiros que prestam servi\u00e7os e instalam cookies e\/ou web beacons (por exemplo, os cookies que s\u00e3o empregados para servi\u00e7os de estat\u00edsticas ou certos conte\u00fados externos). O utilizador poder\u00e1 pesquisar no seu computador conforme instru\u00e7\u00f5es do pr\u00f3prio browser e encontrar e remover as cookies.<br \/>\nAs cookies s\u00e3o necess\u00e1rias para permitir identificar que um browser (e supostamente uma pessoa que est\u00e1 a usar esse browser) que acede a diversas p\u00e1ginas de um website \u00e9 o mesmo browser (e supostamente a mesma pessoa) que acedeu a determinada p\u00e1gina, isto \u00e9 normalmente f\u00e1cil de exemplificar com o login, quando um utilizador faz login num website, esse website guarda uma cookie no browser com um identificador \u00fanico que permite depois saber que foi aquele login que pediu determinada p\u00e1gina e com isto poder mostrar informa\u00e7\u00e3o ou disponibilizar funcionalidades especificas para esse utilizador.<br \/>\nEste website utiliza cookies por forma a providenciar a melhor experi\u00eancia poss\u00edvel na utiliza\u00e7\u00e3o e consulta deste website, nomeadamente nas seguintes situa\u00e7\u00f5es:<br \/>\n\u2013 Partilha de conte\u00fados em redes sociais<br \/>\n\u2013 Exibi\u00e7\u00e3o de conte\u00fados de terceiros (ex: v\u00eddeos)<br \/>\n\u2013 Recolha de estat\u00edsticas<br \/>\nN\u00e3o utilizamos cookies para:<br \/>\n\u2013 Recolher informa\u00e7\u00e3o que o permita identificar a s\u00ed<br \/>\n\u2013 Recolher informa\u00e7\u00e3o sens\u00edvel sobre s\u00ed<br \/>\n\u2013 Passar informa\u00e7\u00e3o que o\/a identifica a terceiros<br \/>\nMais detalhes sobre como s\u00e3o utilizadas as cookies em cada caso mencionado acima:<br \/>\nCookies de redes sociais<br \/>\nPara que os utilizadores deste website possam facilmente partilhar os nossos conte\u00fados nas suas contas de redes sociais como o Facebook e o Twitter, este website inclui bot\u00f5es para essas mesmas funcionalidades.<br \/>\nOs cookies para essas funcionalidades s\u00e3o dessa forma criados e introduzidos nas nossas p\u00e1ginas pelo Facebook (Pol\u00edtica de Privacidade do Facebook) e pelo Twitter (Pol\u00edtica de Privacidade do Twitter).<br \/>\nAs implica\u00e7\u00f5es de privacidades destas funcionalidades dependem das redes sociais que os utilizadores deste website utilizam e das configura\u00e7\u00f5es de privacidade que os mesmos definem em cada uma dessas redes.<br \/>\nCookies para estat\u00edsticas an\u00f3nimas sobre os visitantes deste website.<br \/>\nEste website utiliza cookies para compilar estat\u00edsticas sobre as visitas, para fim de saber informa\u00e7\u00e3o an\u00f3nima sobre o n\u00famero de visitas que recebe, que tecnologia \u00e9 utilizada para aceder ao website, que p\u00e1ginas s\u00e3o visualizadas e por quanto tempo, entre muitos outros indicadores estat\u00edsticos an\u00f3nimos.<br \/>\nEsta informa\u00e7\u00e3o permite a este website melhorar de forma continuada a experi\u00eancia dos seus visitantes.<br \/>\nO software que este website utiliza para a recolha de estat\u00edsticas \u00e9 o Google Analytics.<br \/>\nAssim deste tipo de cookies este website utiliza:<br \/>\n\u2013 Google Analytics \u2013 Pol\u00edtica de Privacidade do Google<br \/>\nSe n\u00e3o quiser que as suas visitas em sites e blogs sejam detetadas pelo Google Analytics, v\u00e1 a https:\/\/tools.google.com\/dlpage\/gaoptout<br \/>\nPara obter mais informa\u00e7\u00f5es sobre cookies, incluindo para saber que cookies foram instalados e como podem ser geridos e eliminados, visite https:\/\/www.allaboutcookies.org\/<\/p>\n<p>[\/vc_column_text][vc_empty_space height=&#8221;5px&#8221;][vc_column_text]Resolu\u00e7\u00e3o de conflitos:<br \/>\nEm caso de lit\u00edgio o consumidor pode recorrer a uma Entidade de Resolu\u00e7\u00e3o Alternativa de Lit\u00edgios de Consumo.<br \/>\nMais informa\u00e7\u00f5es em Portal do Consumidor <a href=\"http:\/\/www.consumidor.pt\">www.consumidor.pt<\/a>.[\/vc_column_text][vc_empty_space height=&#8221;80px&#8221;][\/vc_column][\/vc_row]<\/p>\n<\/div>","protected":false},"excerpt":{"rendered":"<p>[vc_row css_animation=&#8221;&#8221; row_type=&#8221;row&#8221; use_row_as_full_screen_section=&#8221;no&#8221; type=&#8221;full_width&#8221; angled_section=&#8221;no&#8221; text_align=&#8221;left&#8221; background_image_as_pattern=&#8221;without_pattern&#8221;][vc_column][vc_column_text] Pol\u00edtica de Privacidade e de Prote\u00e7\u00e3o de Dados Pessoais [\/vc_column_text][vc_empty_space height=&#8221;10px&#8221;][vc_column_text] A pol\u00edtica de privacidade abaixo identifica a informa\u00e7\u00e3o recolhida, formas de recolha e tratamento da mesma. Ao utilizar este website dever ter conhecimento e aceitar esta&#8230;<\/p>\n","protected":false},"author":1,"featured_media":0,"parent":0,"menu_order":0,"comment_status":"closed","ping_status":"open","template":"","meta":{"footnotes":""},"yoast_head":"<!-- This site is optimized with the Yoast SEO plugin v21.6 - https:\/\/yoast.com\/wordpress\/plugins\/seo\/ -->\n<title>Pol\u00edtica de privacidade | Herdade da Maroteira<\/title>\n<meta name=\"robots\" content=\"noindex, nofollow\" \/>\n<meta property=\"og:locale\" content=\"en_GB\" \/>\n<meta property=\"og:type\" content=\"article\" \/>\n<meta property=\"og:title\" content=\"Pol\u00edtica de privacidade | Herdade da Maroteira\" \/>\n<meta property=\"og:description\" content=\"[vc_row css_animation=&#8221;&#8221; row_type=&#8221;row&#8221; use_row_as_full_screen_section=&#8221;no&#8221; type=&#8221;full_width&#8221; angled_section=&#8221;no&#8221; text_align=&#8221;left&#8221; background_image_as_pattern=&#8221;without_pattern&#8221;][vc_column][vc_column_text] Pol\u00edtica de Privacidade e de Prote\u00e7\u00e3o de Dados Pessoais [\/vc_column_text][vc_empty_space height=&#8221;10px&#8221;][vc_column_text] A pol\u00edtica de privacidade abaixo identifica a informa\u00e7\u00e3o recolhida, formas de recolha e tratamento da mesma. Ao utilizar este website dever ter conhecimento e aceitar esta...\" \/>\n<meta property=\"og:url\" content=\"https:\/\/maroteira.com\/pt\/politica-privacidade\/\" \/>\n<meta property=\"og:site_name\" content=\"Herdade da Maroteira\" \/>\n<meta property=\"article:modified_time\" content=\"2023-01-30T16:44:52+00:00\" \/>\n<meta name=\"twitter:card\" content=\"summary_large_image\" \/>\n<meta name=\"twitter:label1\" content=\"Estimated reading time\" \/>\n\t<meta name=\"twitter:data1\" content=\"9 minutes\" \/>\n<script type=\"application\/ld+json\" class=\"yoast-schema-graph\">{\"@context\":\"https:\/\/schema.org\",\"@graph\":[{\"@type\":\"WebPage\",\"@id\":\"https:\/\/maroteira.com\/pt\/politica-privacidade\/\",\"url\":\"https:\/\/maroteira.com\/pt\/politica-privacidade\/\",\"name\":\"Pol\u00edtica de privacidade | Herdade da Maroteira\",\"isPartOf\":{\"@id\":\"https:\/\/maroteira.com\/pt\/#website\"},\"datePublished\":\"2018-09-20T14:56:16+00:00\",\"dateModified\":\"2023-01-30T16:44:52+00:00\",\"breadcrumb\":{\"@id\":\"https:\/\/maroteira.com\/pt\/politica-privacidade\/#breadcrumb\"},\"inLanguage\":\"en-GB\",\"potentialAction\":[{\"@type\":\"ReadAction\",\"target\":[\"https:\/\/maroteira.com\/pt\/politica-privacidade\/\"]}]},{\"@type\":\"BreadcrumbList\",\"@id\":\"https:\/\/maroteira.com\/pt\/politica-privacidade\/#breadcrumb\",\"itemListElement\":[{\"@type\":\"ListItem\",\"position\":1,\"name\":\"Home\",\"item\":\"https:\/\/maroteira.com\/pt\/\"},{\"@type\":\"ListItem\",\"position\":2,\"name\":\"Pol\u00edtica de privacidade\"}]},{\"@type\":\"WebSite\",\"@id\":\"https:\/\/maroteira.com\/pt\/#website\",\"url\":\"https:\/\/maroteira.com\/pt\/\",\"name\":\"Herdade da Maroteira\",\"description\":\"Herdade da Maroteira\",\"potentialAction\":[{\"@type\":\"SearchAction\",\"target\":{\"@type\":\"EntryPoint\",\"urlTemplate\":\"https:\/\/maroteira.com\/pt\/?s={search_term_string}\"},\"query-input\":\"required name=search_term_string\"}],\"inLanguage\":\"en-GB\"}]}<\/script>\n<!-- \/ Yoast SEO plugin. -->","yoast_head_json":{"title":"Pol\u00edtica de privacidade | Herdade da Maroteira","robots":{"index":"noindex","follow":"nofollow"},"og_locale":"en_GB","og_type":"article","og_title":"Pol\u00edtica de privacidade | Herdade da Maroteira","og_description":"[vc_row css_animation=&#8221;&#8221; row_type=&#8221;row&#8221; use_row_as_full_screen_section=&#8221;no&#8221; type=&#8221;full_width&#8221; angled_section=&#8221;no&#8221; text_align=&#8221;left&#8221; background_image_as_pattern=&#8221;without_pattern&#8221;][vc_column][vc_column_text] Pol\u00edtica de Privacidade e de Prote\u00e7\u00e3o de Dados Pessoais [\/vc_column_text][vc_empty_space height=&#8221;10px&#8221;][vc_column_text] A pol\u00edtica de privacidade abaixo identifica a informa\u00e7\u00e3o recolhida, formas de recolha e tratamento da mesma. Ao utilizar este website dever ter conhecimento e aceitar esta...","og_url":"https:\/\/maroteira.com\/pt\/politica-privacidade\/","og_site_name":"Herdade da Maroteira","article_modified_time":"2023-01-30T16:44:52+00:00","twitter_card":"summary_large_image","twitter_misc":{"Estimated reading time":"9 minutes"},"schema":{"@context":"https:\/\/schema.org","@graph":[{"@type":"WebPage","@id":"https:\/\/maroteira.com\/pt\/politica-privacidade\/","url":"https:\/\/maroteira.com\/pt\/politica-privacidade\/","name":"Pol\u00edtica de privacidade | Herdade da Maroteira","isPartOf":{"@id":"https:\/\/maroteira.com\/pt\/#website"},"datePublished":"2018-09-20T14:56:16+00:00","dateModified":"2023-01-30T16:44:52+00:00","breadcrumb":{"@id":"https:\/\/maroteira.com\/pt\/politica-privacidade\/#breadcrumb"},"inLanguage":"en-GB","potentialAction":[{"@type":"ReadAction","target":["https:\/\/maroteira.com\/pt\/politica-privacidade\/"]}]},{"@type":"BreadcrumbList","@id":"https:\/\/maroteira.com\/pt\/politica-privacidade\/#breadcrumb","itemListElement":[{"@type":"ListItem","position":1,"name":"Home","item":"https:\/\/maroteira.com\/pt\/"},{"@type":"ListItem","position":2,"name":"Pol\u00edtica de privacidade"}]},{"@type":"WebSite","@id":"https:\/\/maroteira.com\/pt\/#website","url":"https:\/\/maroteira.com\/pt\/","name":"Herdade da Maroteira","description":"Herdade da Maroteira","potentialAction":[{"@type":"SearchAction","target":{"@type":"EntryPoint","urlTemplate":"https:\/\/maroteira.com\/pt\/?s={search_term_string}"},"query-input":"required name=search_term_string"}],"inLanguage":"en-GB"}]}},"_links":{"self":[{"href":"https:\/\/maroteira.com\/pt\/wp-json\/wp\/v2\/pages\/3"}],"collection":[{"href":"https:\/\/maroteira.com\/pt\/wp-json\/wp\/v2\/pages"}],"about":[{"href":"https:\/\/maroteira.com\/pt\/wp-json\/wp\/v2\/types\/page"}],"author":[{"embeddable":true,"href":"https:\/\/maroteira.com\/pt\/wp-json\/wp\/v2\/users\/1"}],"replies":[{"embeddable":true,"href":"https:\/\/maroteira.com\/pt\/wp-json\/wp\/v2\/comments?post=3"}],"version-history":[{"count":10,"href":"https:\/\/maroteira.com\/pt\/wp-json\/wp\/v2\/pages\/3\/revisions"}],"predecessor-version":[{"id":1817,"href":"https:\/\/maroteira.com\/pt\/wp-json\/wp\/v2\/pages\/3\/revisions\/1817"}],"wp:attachment":[{"href":"https:\/\/maroteira.com\/pt\/wp-json\/wp\/v2\/media?parent=3"}],"curies":[{"name":"wp","href":"https:\/\/api.w.org\/{rel}","templated":true}]}}